{"id":14,"date":"2020-05-02T12:40:26","date_gmt":"2020-05-02T15:40:26","guid":{"rendered":"http:\/\/localhost\/~rafaelortman\/LAV\/wordpress\/?page_id=14"},"modified":"2022-09-03T16:03:15","modified_gmt":"2022-09-03T19:03:15","slug":"projetos","status":"publish","type":"page","link":"https:\/\/lav-uerj.org\/en\/projetos\/","title":{"rendered":"Projetos"},"content":{"rendered":"<h3><a href=\"https:\/\/www.monitorfuerzaletal.com\/about-us\">Monitor da Letalidade Policial<\/a><\/h3>\n<p>Neste projeto os pesquisadores assumiram a tarefa de estabelecer uma metodologia comum para monitorar o uso da for\u00e7a letal em oito pa\u00edses da Am\u00e9rica Latina: Brasil, Chile, Col\u00f4mbia, El Salvador, Jamaica, M\u00e9xico, Trinidad e Tobago e Venezuela. No \u00e2mbito do projeto, foi criado uma pequena rede de pesquisadores que concordaram com um conjunto de indicadores para medir o uso da for\u00e7a letal, obter dados relevantes sempre que dispon\u00edveis e produzir um relat\u00f3rio comparativo na regi\u00e3o.<\/p>\n<h3>Viol\u00eancia e Cidadania: a legitimidade do matar e do morrer nas pol\u00edticas de seguran\u00e7a p\u00fablica no Brasil<\/h3>\n<p>Conhecer, compreender e acompanhar como est\u00e3o sendo apurados e processados as mortes cometidas por policiais. Essa linha busca-se explorar n\u00e3o somente o curso dos inqu\u00e9ritos e dos processos judiciais, mas tamb\u00e9m a influ\u00eancia de poss\u00edveis marcadores sociais ao longo de cada etapa do Sistema de Justi\u00e7a Criminal, bem como a percep\u00e7\u00e3o constru\u00edda por policiais, promotores, ju\u00edzes, familiares de v\u00edtimas e comunidade acerca destas ocorr\u00eancias.<\/p>\n<h3><a href=\"https:\/\/homicidiolatam.org\">Avalia\u00e7\u00e3o de Programas de Preven\u00e7\u00e3o ao Homic\u00eddio<\/a><\/h3>\n<p>Essa iniciativa inclui a avalia\u00e7\u00e3o de programas espec\u00edficos de preven\u00e7\u00e3o de homic\u00eddios, por um lado, e a elabora\u00e7\u00e3o de um Guia para Avalia\u00e7\u00e3o de Programas de Preven\u00e7\u00e3o de Homic\u00eddios na Am\u00e9rica Latina, por outro. Este guia \u00e9 voltado para tomadores de decis\u00e3o da regi\u00e3o que desejam participar de programas de preven\u00e7\u00e3o de homic\u00eddios, para que a avalia\u00e7\u00e3o de tais programas possam ser pensada e projetada simultaneamente com o desenho do pr\u00f3prio programa.<\/p>\n<h3>Seguran\u00e7a P\u00fablica no Legislativo<\/h3>\n<p>Essa linha tem como objetivo analisar os discursos de deputados estaduais da Assembleia Legislativa do Estado do Rio de Janeiro (ALERJ) sobre seguran\u00e7a p\u00fablica e os projetos de lei formulados no \u00e2mbito daquela casa legislativa<\/p>\n<h3>Educa\u00e7\u00e3o e Viol\u00eancia<\/h3>\n<p>Esta linha tem como objeto os poss\u00edveis impactos sociais das UPPs, observando os efeitos na dimens\u00e3o educacional sobre din\u00e2micas e resultados escolares, sobre as trajet\u00f3rias de alunos e professores.<\/p>\n","protected":false},"excerpt":{"rendered":"<p>Monitor da Letalidade Policial Neste projeto os pesquisadores assumiram a tarefa de estabelecer uma metodologia comum para monitorar o uso da for\u00e7a letal em oito pa\u00edses da Am\u00e9rica Latina: Brasil, Chile, Col\u00f4mbia, El Salvador, Jamaica, M\u00e9xico, Trinidad e Tobago e Venezuela. No \u00e2mbito do projeto, foi criado uma pequena rede de pesquisadores que concordaram com [&hellip;]<\/p>\n","protected":false},"author":1,"featured_media":0,"parent":0,"menu_order":0,"comment_status":"closed","ping_status":"closed","template":"","meta":{"footnotes":""},"class_list":["post-14","page","type-page","status-publish","hentry"],"acf":[],"_links":{"self":[{"href":"https:\/\/lav-uerj.org\/en\/wp-json\/wp\/v2\/pages\/14"}],"collection":[{"href":"https:\/\/lav-uerj.org\/en\/wp-json\/wp\/v2\/pages"}],"about":[{"href":"https:\/\/lav-uerj.org\/en\/wp-json\/wp\/v2\/types\/page"}],"author":[{"embeddable":true,"href":"https:\/\/lav-uerj.org\/en\/wp-json\/wp\/v2\/users\/1"}],"replies":[{"embeddable":true,"href":"https:\/\/lav-uerj.org\/en\/wp-json\/wp\/v2\/comments?post=14"}],"version-history":[{"count":7,"href":"https:\/\/lav-uerj.org\/en\/wp-json\/wp\/v2\/pages\/14\/revisions"}],"predecessor-version":[{"id":601,"href":"https:\/\/lav-uerj.org\/en\/wp-json\/wp\/v2\/pages\/14\/revisions\/601"}],"wp:attachment":[{"href":"https:\/\/lav-uerj.org\/en\/wp-json\/wp\/v2\/media?parent=14"}],"curies":[{"name":"wp","href":"https:\/\/api.w.org\/{rel}","templated":true}]}}